{"id":17708,"date":"2014-05-27T13:10:01","date_gmt":"2014-05-27T13:10:01","guid":{"rendered":"http:\/\/wpresidence.net\/?page_id=202"},"modified":"2024-08-21T09:12:54","modified_gmt":"2024-08-21T09:12:54","slug":"homepage-v2","status":"publish","type":"page","link":"https:\/\/spaniavilla.com\/en\/","title":{"rendered":"Homepage V2"},"content":{"rendered":"<div class=\"wpb-content-wrapper\"><p>[vc_row css=&#8221;.vc_custom_1500544356388{padding-top: 60px !important;padding-bottom: 30px !important;}&#8221;][vc_column width=&#8221;1\/2&#8243;][vc_row_inner][vc_column_inner][vc_column_text]<\/p>\n<h2 style=\"font-size: 50px; font-weight: bold; letter-spacing: -2px; text-align: center; color: #004d9f;\"><span style=\"color: #31312c; font-size: 50px; font-weight: 300; letter-spacing: -2px;\">Welcome<\/span><\/h2>\n<p>[\/vc_column_text][\/vc_column_inner][\/vc_row_inner][vc_column_text]After 18 years in as Agent here in the Costa Blanca south, I am well known in all areas, and therefore are able to find your dream home in the sun.<\/p>\n<p>Have an appointment with almost all the builders between Alicante south and Cartagena north.<\/p>\n<p>Have a complete overview of which builders can give a bank guarantee.<br \/>\nTherefore, use me to show you the relevant projects.<\/p>\n<p>Then, based on your needs, find the appropriate projects that fit you perfectly and get your new dream home under the sun.<\/p>\n<div style=\"height: 0pt; width: 0pt; overflow: auto; position: absolute;\">\n<h2>Magic Jackpot alla fine<\/h2>\n<p>Lanciato nel 2009, il Magic Casino Jackpot, un sistema che collegava 300 slot machine in un centinaio di casin\u00f2, si \u00e8 fermato dopo quattro anni di buon e succulento servizio.<\/p>\n<p>Questo sistema di &#8220;big jackpot&#8221;, che oggi si chiama &#8220;jackpot progressivo&#8221; dove le scommesse sono state messe in comune, aveva fatto recentemente alcuni vincitori fortunati, come il disoccupato che nell&#8217;aprile 2011 ha vinto 3,4 milioni di euro (abbastanza per smettere di aver bisogno di lavorare), o il quarantenne di Pontarlier che ha intascato 4,7 milioni di euro.<\/p>\n<p>Questo sistema di gioco in rete ha distribuito non meno di 49 milioni di euro in tutta nel corso della sua esistenza. I Barri\u00e8res, Joa, Tranchant, Emeraude, Cogit e gruppi indipendenti si sono uniti per l&#8217;occasione. L&#8217;ultimo jackpot \u00e8 stato vinto per la somma di 2 milioni di euro al casin\u00f2 Ardentecasino da un residente locale che aveva scommesso 1,50 euro. Ma la vincita record \u00e8 stata stabilita il 28 marzo 2011 per la principesca somma di 9 milioni di euro.<\/p>\n<h2>Due persone della regione di Parigi hanno vinto il Magic Jackpot nello stesso fine settimana<\/h2>\n<p>Due persone della regione di Parigi che erano in vacanza saranno felici questo fine settimana. Questi abitanti della regione di Parigi hanno approfittato del loro soggiorno nel sud del paese. Il primo \u00e8 stato in vacanza a Royan, sulla costa atlantica, dove ha scommesso 1,50 euro su una slot machine del casin\u00f2 che gli ha permesso di intascare il jackpot di 3 milioni di euro.<\/p>\n<p>Questo &#8220;Magic jackpot&#8221; ha permesso ai giocatori di vincere quasi 47 milioni di euro dalla sua creazione. Il 20 luglio, una donna di 67 anni ha vinto ben 7.524.034 euro puntando 1,50 euro in una slot machine al Casino Ardentecasino <a href=\"https:\/\/ardentecasino.net\/\">https:\/\/ardentecasino.net\/<\/a>. Il record del &#8220;Magic jackpot&#8221; \u00e8 stato raggiunto il 28 marzo 2011 in un casin\u00f2 del Morbihan per un importo totale di 9.420.902 euro. In ogni caso, questo conferma che tutti i vincitori hanno tentato la fortuna. E va anche oltre, dato che, viste le somme in gioco, non c&#8217;\u00e8 bisogno di scommettere molto per avere fortuna al casin\u00f2. Questa \u00e8 una grande pubblicit\u00e0 per le slot machine che dimostrano ancora una volta che si pu\u00f2 vincere molto con quasi niente. Conosco alcune persone che inizieranno il nuovo anno scolastico in modo molto pi\u00f9 sano. Il primo ha deciso di aprire il suo ristorante e il secondo ha deciso di avere un piccolo piacere immobiliare con tutti i soldi che ha vinto.<\/p>\n<h2>Non ci sono piccoli profitti!<\/h2>\n<p>Tuttavia, questo non ha potuto impedire la fine del jackpot magico, giustificato da un comunicato stampa che ci dice che &#8220;i giocatori sono particolarmente alla ricerca di un prodotto che dia frequenti guadagni, anche piccoli&#8221;. La crisi \u00e8 arrivata e se n&#8217;\u00e8 andata&#8230;<\/p>\n<p>Attivit\u00e0 in cui i giganti dei casin\u00f2 non erano stati in grado di trovare il loro posto e dove i piccoli giocatori, pi\u00f9 flessibili, pi\u00f9 reattivi hanno dato loro filo da torcere.<\/p>\n<\/div>\n<p>[\/vc_column_text][\/vc_column][vc_column width=&#8221;1\/2&#8243;][vc_row_inner content_placement=&#8221;top&#8221;][vc_column_inner width=&#8221;1\/2&#8243;][vc_widget_sidebar sidebar_id=&#8221;facebookfront&#8221;][\/vc_column_inner][vc_column_inner width=&#8221;1\/2&#8243;][vc_widget_sidebar sidebar_id=&#8221;weatherfront&#8221;][\/vc_column_inner][\/vc_row_inner][\/vc_column][\/vc_row][vc_row css=&#8221;.vc_custom_1500544356388{padding-top: 60px !important;padding-bottom: 30px !important;}&#8221;][vc_column width=&#8221;1\/6&#8243;][\/vc_column][vc_column width=&#8221;2\/3&#8243;][vc_column_text]<\/p>\n<h2 style=\"font-size: 50px; font-weight: bold; letter-spacing: -2px; text-align: center; color: #004d9f;\">Latest<span style=\"color: #31312c; font-size: 50px; font-weight: 300; letter-spacing: -2px;\"> Properties<\/span><\/h2>\n<p>[\/vc_column_text][\/vc_column][vc_column width=&#8221;1\/6&#8243;][\/vc_column][\/vc_row][vc_row css=&#8221;.vc_custom_1500544558650{margin-bottom: 60px !important;}&#8221;][vc_column]<div class=\"article_container bottom-estate_property nobutton\" >  \r\n\r\n\r\n\r\n<div class=\"col-md-4 shortcode-col listing_wrapper\" data-org=\"6\" data-listid=\"21843\" > \r\n    <div class=\"property_listing   \" data-link=\"https:\/\/spaniavilla.com\/en\/properties\/norsk-hjorne-rekkehus-med-tre-soverom-to-bad-og-nydelig-fellesomrade-med-to-basseng-der-det-ene-er-oppvarmet\/\">\r\n        \r\n        <div class=\"listing-unit-img-wrapper\"><div class=\"property_media\">\r\n                    <div class=\"compare-action\" data-pimage=\"https:\/\/spaniavilla.com\/wp-content\/uploads\/2026\/04\/fred1-143x83.jpg\" data-pid=\"21843\" >compare<\/div>\r\n                   \r\n                <\/div><a href=\"https:\/\/spaniavilla.com\/en\/properties\/norsk-hjorne-rekkehus-med-tre-soverom-to-bad-og-nydelig-fellesomrade-med-to-basseng-der-det-ene-er-oppvarmet\/\"><img loading=\"lazy\" decoding=\"async\" width=\"525\" height=\"350\" src=\"https:\/\/spaniavilla.com\/wp-content\/uploads\/2026\/04\/fred1-525x350.jpg\" class=\"lazyload img-responsive wp-post-image\" alt=\"\" data-original=\"https:\/\/spaniavilla.com\/wp-content\/uploads\/2026\/04\/fred1-525x350.jpg\" srcset=\"https:\/\/spaniavilla.com\/wp-content\/uploads\/2026\/04\/fred1-525x350.jpg 525w, https:\/\/spaniavilla.com\/wp-content\/uploads\/2026\/04\/fred1-105x70.jpg 105w\" sizes=\"auto, (max-width: 525px) 100vw, 525px\" \/><\/a><div class=\"tag-wrapper\"><div class=\"featured_div\">Featured<\/div><\/div><\/div>\r\n\r\n            <h4><a href=\"https:\/\/spaniavilla.com\/en\/properties\/norsk-hjorne-rekkehus-med-tre-soverom-to-bad-og-nydelig-fellesomrade-med-to-basseng-der-det-ene-er-oppvarmet\/\">\r\n                (Norsk) Hj\u00f8rne rekkehus med tre soverom, to ...                <\/a> \r\n            <\/h4> \r\n            \r\n         \r\n        \r\n            <div class=\"property_location_image\"><a href=\"https:\/\/spaniavilla.com\/en\/area\/campoamor\/\" rel=\"tag\">Campoamor<\/a>, <a href=\"https:\/\/spaniavilla.com\/en\/place\/alicante\/\" rel=\"tag\">Alicante<\/a>, <a href=\"https:\/\/spaniavilla.com\/en\/place\/orihuela-costa-2\/\" rel=\"tag\">Orihuela Costa<\/a><\/div>        \r\n        \r\n            <div class=\"listing_unit_price_wrapper\"><span class=\"price_label price_label_before\"><\/span> \u20ac 325.000 <span class=\"price_label\"><\/span><\/div>        \r\n        \r\n         \r\n\r\n\r\n            <div class=\"property_listing_details\">\r\n                 <div class=\"inforoom\">3 <div class=\"info_labels\">bedrooms<\/div><\/div><div class=\"infobath\">2 <div class=\"info_labels\">baths<\/div><\/div>            <\/div>\r\n               \r\n           <!-- <div class=\"property_location\">\r\n                    \r\n                                \r\n                \r\n                <div class=\"property_agent_wrapper\">\r\n                    <div class=\"property_agent_image\" style=\"background-image:url('https:\/\/spaniavilla.com\/wp-content\/uploads\/2026\/04\/fred1-120x120.jpg')\">\r\n                    <\/div> \r\n\r\n                    \r\n\r\n                    <div class=\"property_agent_name\">\r\n                        admin                    <\/div>\r\n\r\n                    <div class=\"property_agent_pub_date\"> April 7, 2026<\/div>\r\n                <\/div> \r\n                \r\n                                   <div class=\"listing_actions\">\r\n                        <span class=\"icon-fav icon-fav-off\" data-original-title=\"add to favorites\" data-postid=\"21843\"><\/span>\r\n                    <\/div> \r\n                 \r\n\r\n            <\/div>      -->  \r\n\r\n               \r\n              \r\n      \r\n          \r\n    <\/div>             \r\n<\/div>\r\n\r\n  \r\n\r\n\r\n  \r\n\r\n\r\n\r\n<div class=\"col-md-4 shortcode-col listing_wrapper\" data-org=\"6\" data-listid=\"21577\" > \r\n    <div class=\"property_listing   \" data-link=\"https:\/\/spaniavilla.com\/en\/properties\/norsk-toppleiligheter-med-stor-takterrasse-3-soverom-og-2-bad-nydelig-fellesomrade-parkering-og-bod\/\">\r\n        \r\n        <div class=\"listing-unit-img-wrapper\"><div class=\"property_media\">\r\n                    <div class=\"compare-action\" data-pimage=\"https:\/\/spaniavilla.com\/wp-content\/uploads\/2023\/10\/BALCON-SERENA-VIEW_LA-SERENA-GOLF-143x83.jpg\" data-pid=\"21577\" >compare<\/div>\r\n                   \r\n                <\/div><a href=\"https:\/\/spaniavilla.com\/en\/properties\/norsk-toppleiligheter-med-stor-takterrasse-3-soverom-og-2-bad-nydelig-fellesomrade-parkering-og-bod\/\"><img loading=\"lazy\" decoding=\"async\" width=\"525\" height=\"350\" src=\"https:\/\/spaniavilla.com\/wp-content\/uploads\/2023\/10\/BALCON-SERENA-VIEW_LA-SERENA-GOLF-525x350.jpg\" class=\"lazyload img-responsive wp-post-image\" alt=\"\" data-original=\"https:\/\/spaniavilla.com\/wp-content\/uploads\/2023\/10\/BALCON-SERENA-VIEW_LA-SERENA-GOLF-525x350.jpg\" srcset=\"https:\/\/spaniavilla.com\/wp-content\/uploads\/2023\/10\/BALCON-SERENA-VIEW_LA-SERENA-GOLF-525x350.jpg 525w, https:\/\/spaniavilla.com\/wp-content\/uploads\/2023\/10\/BALCON-SERENA-VIEW_LA-SERENA-GOLF-105x70.jpg 105w\" sizes=\"auto, (max-width: 525px) 100vw, 525px\" \/><\/a><div class=\"tag-wrapper\"><div class=\"featured_div\">Featured<\/div><\/div><\/div>\r\n\r\n            <h4><a href=\"https:\/\/spaniavilla.com\/en\/properties\/norsk-toppleiligheter-med-stor-takterrasse-3-soverom-og-2-bad-nydelig-fellesomrade-parkering-og-bod\/\">\r\n                (Norsk) Toppleiligheter med stor takterrasse...                <\/a> \r\n            <\/h4> \r\n            \r\n         \r\n        \r\n            <div class=\"property_location_image\"><a href=\"https:\/\/spaniavilla.com\/en\/place\/los-alcazares-2\/\" rel=\"tag\">Los Alcazares<\/a>, <a href=\"https:\/\/spaniavilla.com\/en\/place\/mar-menor\/\" rel=\"tag\">Mar Menor<\/a>, <a href=\"https:\/\/spaniavilla.com\/en\/place\/murcia\/\" rel=\"tag\">Murcia<\/a><\/div>        \r\n        \r\n            <div class=\"listing_unit_price_wrapper\"><span class=\"price_label price_label_before\"><\/span> \u20ac 329.000 <span class=\"price_label\"><\/span><\/div>        \r\n        \r\n         \r\n\r\n\r\n            <div class=\"property_listing_details\">\r\n                 <div class=\"inforoom\">3 <div class=\"info_labels\">bedrooms<\/div><\/div><div class=\"infobath\">2 <div class=\"info_labels\">baths<\/div><\/div> <div class=\"infosize\">89 m<sup>2<\/sup> <div class=\"info_labels\">size<\/div><\/div>            <\/div>\r\n               \r\n           <!-- <div class=\"property_location\">\r\n                    \r\n                                \r\n                \r\n                <div class=\"property_agent_wrapper\">\r\n                    <div class=\"property_agent_image\" style=\"background-image:url('https:\/\/spaniavilla.com\/wp-content\/uploads\/2023\/10\/BALCON-SERENA-VIEW_LA-SERENA-GOLF-120x120.jpg')\">\r\n                    <\/div> \r\n\r\n                    \r\n\r\n                    <div class=\"property_agent_name\">\r\n                        admin                    <\/div>\r\n\r\n                    <div class=\"property_agent_pub_date\"> October 31, 2023<\/div>\r\n                <\/div> \r\n                \r\n                                   <div class=\"listing_actions\">\r\n                        <span class=\"icon-fav icon-fav-off\" data-original-title=\"add to favorites\" data-postid=\"21577\"><\/span>\r\n                    <\/div> \r\n                 \r\n\r\n            <\/div>      -->  \r\n\r\n               \r\n              \r\n      \r\n          \r\n    <\/div>             \r\n<\/div>\r\n\r\n  \r\n\r\n\r\n  \r\n\r\n\r\n\r\n<div class=\"col-md-4 shortcode-col listing_wrapper\" data-org=\"6\" data-listid=\"21555\" > \r\n    <div class=\"property_listing   \" data-link=\"https:\/\/spaniavilla.com\/en\/properties\/21555\/\">\r\n        \r\n        <div class=\"listing-unit-img-wrapper\"><div class=\"property_media\">\r\n                    <div class=\"compare-action\" data-pimage=\"https:\/\/spaniavilla.com\/wp-content\/uploads\/2023\/10\/1-143x83.jpg\" data-pid=\"21555\" >compare<\/div>\r\n                   \r\n                <\/div><a href=\"https:\/\/spaniavilla.com\/en\/properties\/21555\/\"><img loading=\"lazy\" decoding=\"async\" width=\"525\" height=\"350\" src=\"https:\/\/spaniavilla.com\/wp-content\/uploads\/2023\/10\/1-525x350.jpg\" class=\"lazyload img-responsive wp-post-image\" alt=\"\" data-original=\"https:\/\/spaniavilla.com\/wp-content\/uploads\/2023\/10\/1-525x350.jpg\" srcset=\"https:\/\/spaniavilla.com\/wp-content\/uploads\/2023\/10\/1-525x350.jpg 525w, https:\/\/spaniavilla.com\/wp-content\/uploads\/2023\/10\/1-300x200.jpg 300w, https:\/\/spaniavilla.com\/wp-content\/uploads\/2023\/10\/1-1024x683.jpg 1024w, https:\/\/spaniavilla.com\/wp-content\/uploads\/2023\/10\/1-768x512.jpg 768w, https:\/\/spaniavilla.com\/wp-content\/uploads\/2023\/10\/1-125x83.jpg 125w, https:\/\/spaniavilla.com\/wp-content\/uploads\/2023\/10\/1-75x50.jpg 75w, https:\/\/spaniavilla.com\/wp-content\/uploads\/2023\/10\/1-105x70.jpg 105w, https:\/\/spaniavilla.com\/wp-content\/uploads\/2023\/10\/1.jpg 1500w\" sizes=\"auto, (max-width: 525px) 100vw, 525px\" \/><\/a><div class=\"tag-wrapper\"><div class=\"featured_div\">Featured<\/div><\/div><\/div>\r\n\r\n            <h4><a href=\"https:\/\/spaniavilla.com\/en\/properties\/21555\/\">\r\n                (Norsk) SpaniaVilla &#8211; Mar Menor Golf R...                <\/a> \r\n            <\/h4> \r\n            \r\n         \r\n        \r\n            <div class=\"property_location_image\"><a href=\"https:\/\/spaniavilla.com\/en\/place\/mar-menor\/\" rel=\"tag\">Mar Menor<\/a>, <a href=\"https:\/\/spaniavilla.com\/en\/place\/murcia\/\" rel=\"tag\">Murcia<\/a><\/div>        \r\n        \r\n            <div class=\"listing_unit_price_wrapper\"><span class=\"price_label price_label_before\"><\/span> \u20ac 140.000 <span class=\"price_label\"><\/span><\/div>        \r\n        \r\n         \r\n\r\n\r\n            <div class=\"property_listing_details\">\r\n                 <div class=\"inforoom\">2 <div class=\"info_labels\">bedrooms<\/div><\/div><div class=\"infobath\">2 <div class=\"info_labels\">baths<\/div><\/div> <div class=\"infosize\">108 m<sup>2<\/sup> <div class=\"info_labels\">size<\/div><\/div>            <\/div>\r\n               \r\n           <!-- <div class=\"property_location\">\r\n                    \r\n                                \r\n                \r\n                <div class=\"property_agent_wrapper\">\r\n                    <div class=\"property_agent_image\" style=\"background-image:url('https:\/\/spaniavilla.com\/wp-content\/uploads\/2023\/10\/1-120x120.jpg')\">\r\n                    <\/div> \r\n\r\n                    \r\n\r\n                    <div class=\"property_agent_name\">\r\n                        admin                    <\/div>\r\n\r\n                    <div class=\"property_agent_pub_date\"> October 31, 2023<\/div>\r\n                <\/div> \r\n                \r\n                                   <div class=\"listing_actions\">\r\n                        <span class=\"icon-fav icon-fav-off\" data-original-title=\"add to favorites\" data-postid=\"21555\"><\/span>\r\n                    <\/div> \r\n                 \r\n\r\n            <\/div>      -->  \r\n\r\n               \r\n              \r\n      \r\n          \r\n    <\/div>             \r\n<\/div>\r\n\r\n  \r\n\r\n\r\n  \r\n\r\n\r\n\r\n<div class=\"col-md-4 shortcode-col listing_wrapper\" data-org=\"6\" data-listid=\"21472\" > \r\n    <div class=\"property_listing   \" data-link=\"https:\/\/spaniavilla.com\/en\/properties\/norsk-playa-flamenca-nydelig-toppleilighet-med-62-m2-takterrasse-mobelpakke-a-c-og-hvitevarer-inkludert-kort-vei-til-strand\/\">\r\n        \r\n        <div class=\"listing-unit-img-wrapper\"><div class=\"property_media\">\r\n                    <div class=\"compare-action\" data-pimage=\"https:\/\/spaniavilla.com\/wp-content\/uploads\/2023\/01\/1-143x83.jpg\" data-pid=\"21472\" >compare<\/div>\r\n                   \r\n                <\/div><a href=\"https:\/\/spaniavilla.com\/en\/properties\/norsk-playa-flamenca-nydelig-toppleilighet-med-62-m2-takterrasse-mobelpakke-a-c-og-hvitevarer-inkludert-kort-vei-til-strand\/\"><img loading=\"lazy\" decoding=\"async\" width=\"525\" height=\"350\" src=\"https:\/\/spaniavilla.com\/wp-content\/uploads\/2023\/01\/1-525x350.jpg\" class=\"lazyload img-responsive wp-post-image\" alt=\"\" data-original=\"https:\/\/spaniavilla.com\/wp-content\/uploads\/2023\/01\/1-525x350.jpg\" srcset=\"https:\/\/spaniavilla.com\/wp-content\/uploads\/2023\/01\/1-525x350.jpg 525w, https:\/\/spaniavilla.com\/wp-content\/uploads\/2023\/01\/1-105x70.jpg 105w\" sizes=\"auto, (max-width: 525px) 100vw, 525px\" \/><\/a><div class=\"tag-wrapper\"><div class=\"featured_div\">Featured<\/div><div class=\"ribbon-wrapper-default ribbon-wrapper-hot-offer\"><div class=\"ribbon-inside hot-offer\">hot offer<\/div><\/div><\/div><\/div>\r\n\r\n            <h4><a href=\"https:\/\/spaniavilla.com\/en\/properties\/norsk-playa-flamenca-nydelig-toppleilighet-med-62-m2-takterrasse-mobelpakke-a-c-og-hvitevarer-inkludert-kort-vei-til-strand\/\">\r\n                (Norsk) Playa Flamenca &#8211; Nydelig toppl...                <\/a> \r\n            <\/h4> \r\n            \r\n         \r\n        \r\n            <div class=\"property_location_image\"><a href=\"https:\/\/spaniavilla.com\/en\/area\/playa-flamenca\/\" rel=\"tag\">Playa Flamenca<\/a>, <a href=\"https:\/\/spaniavilla.com\/en\/place\/alicante\/\" rel=\"tag\">Alicante<\/a>, <a href=\"https:\/\/spaniavilla.com\/en\/place\/orihuela-costa-2\/\" rel=\"tag\">Orihuela Costa<\/a><\/div>        \r\n        \r\n            <div class=\"listing_unit_price_wrapper\"><span class=\"price_label price_label_before\"><\/span> \u20ac 279.000 <span class=\"price_label\"><\/span><\/div>        \r\n        \r\n         \r\n\r\n\r\n            <div class=\"property_listing_details\">\r\n                 <div class=\"inforoom\">2 <div class=\"info_labels\">bedrooms<\/div><\/div><div class=\"infobath\">2 <div class=\"info_labels\">baths<\/div><\/div> <div class=\"infosize\">70 m<sup>2<\/sup> <div class=\"info_labels\">size<\/div><\/div>            <\/div>\r\n               \r\n           <!-- <div class=\"property_location\">\r\n                    \r\n                                \r\n                \r\n                <div class=\"property_agent_wrapper\">\r\n                    <div class=\"property_agent_image\" style=\"background-image:url('https:\/\/spaniavilla.com\/wp-content\/uploads\/2023\/01\/1-120x120.jpg')\">\r\n                    <\/div> \r\n\r\n                    \r\n\r\n                    <div class=\"property_agent_name\">\r\n                        admin                    <\/div>\r\n\r\n                    <div class=\"property_agent_pub_date\"> January 18, 2023<\/div>\r\n                <\/div> \r\n                \r\n                                   <div class=\"listing_actions\">\r\n                        <span class=\"icon-fav icon-fav-off\" data-original-title=\"add to favorites\" data-postid=\"21472\"><\/span>\r\n                    <\/div> \r\n                 \r\n\r\n            <\/div>      -->  \r\n\r\n               \r\n              \r\n      \r\n          \r\n    <\/div>             \r\n<\/div>\r\n\r\n  \r\n\r\n\r\n  \r\n\r\n\r\n\r\n<div class=\"col-md-4 shortcode-col listing_wrapper\" data-org=\"6\" data-listid=\"20815\" > \r\n    <div class=\"property_listing   \" data-link=\"https:\/\/spaniavilla.com\/en\/properties\/norsk-spaniavilla-nydelige-leiligheter-ved-havet-mare-nostrum-i-guardamar\/\">\r\n        \r\n        <div class=\"listing-unit-img-wrapper\"><div class=\"property_media\">\r\n                    <div class=\"compare-action\" data-pimage=\"https:\/\/spaniavilla.com\/wp-content\/uploads\/2021\/06\/Skjermbilde-2021-06-17-kl.-07.18.10-1-143x83.png\" data-pid=\"20815\" >compare<\/div>\r\n                   \r\n                <\/div><a href=\"https:\/\/spaniavilla.com\/en\/properties\/norsk-spaniavilla-nydelige-leiligheter-ved-havet-mare-nostrum-i-guardamar\/\"><img loading=\"lazy\" decoding=\"async\" width=\"525\" height=\"350\" src=\"https:\/\/spaniavilla.com\/wp-content\/uploads\/2021\/06\/Skjermbilde-2021-06-17-kl.-07.18.10-1-525x350.png\" class=\"lazyload img-responsive wp-post-image\" alt=\"\" data-original=\"https:\/\/spaniavilla.com\/wp-content\/uploads\/2021\/06\/Skjermbilde-2021-06-17-kl.-07.18.10-1-525x350.png\" srcset=\"https:\/\/spaniavilla.com\/wp-content\/uploads\/2021\/06\/Skjermbilde-2021-06-17-kl.-07.18.10-1-525x350.png 525w, https:\/\/spaniavilla.com\/wp-content\/uploads\/2021\/06\/Skjermbilde-2021-06-17-kl.-07.18.10-1-105x70.png 105w\" sizes=\"auto, (max-width: 525px) 100vw, 525px\" \/><\/a><div class=\"tag-wrapper\"><div class=\"featured_div\">Featured<\/div><\/div><\/div>\r\n\r\n            <h4><a href=\"https:\/\/spaniavilla.com\/en\/properties\/norsk-spaniavilla-nydelige-leiligheter-ved-havet-mare-nostrum-i-guardamar\/\">\r\n                (Norsk) SpaniaVilla &#8211; Nydelige leiligh...                <\/a> \r\n            <\/h4> \r\n            \r\n         \r\n        \r\n            <div class=\"property_location_image\"><a href=\"https:\/\/spaniavilla.com\/en\/place\/alicante\/\" rel=\"tag\">Alicante<\/a>, <a href=\"https:\/\/spaniavilla.com\/en\/place\/guardamar\/\" rel=\"tag\">Guardamar<\/a><\/div>        \r\n        \r\n            <div class=\"listing_unit_price_wrapper\"><span class=\"price_label price_label_before\"><\/span> \u20ac 274.000 <span class=\"price_label\"><\/span><\/div>        \r\n        \r\n         \r\n\r\n\r\n            <div class=\"property_listing_details\">\r\n                 <div class=\"inforoom\">2 <div class=\"info_labels\">bedrooms<\/div><\/div><div class=\"infobath\">2 <div class=\"info_labels\">baths<\/div><\/div> <div class=\"infosize\">86 m<sup>2<\/sup> <div class=\"info_labels\">size<\/div><\/div>            <\/div>\r\n               \r\n           <!-- <div class=\"property_location\">\r\n                    \r\n                                \r\n                \r\n                <div class=\"property_agent_wrapper\">\r\n                    <div class=\"property_agent_image\" style=\"background-image:url('https:\/\/spaniavilla.com\/wp-content\/uploads\/2021\/06\/Skjermbilde-2021-06-17-kl.-07.18.10-1-120x120.png')\">\r\n                    <\/div> \r\n\r\n                    \r\n\r\n                    <div class=\"property_agent_name\">\r\n                        admin                    <\/div>\r\n\r\n                    <div class=\"property_agent_pub_date\"> June 17, 2021<\/div>\r\n                <\/div> \r\n                \r\n                                   <div class=\"listing_actions\">\r\n                        <span class=\"icon-fav icon-fav-off\" data-original-title=\"add to favorites\" data-postid=\"20815\"><\/span>\r\n                    <\/div> \r\n                 \r\n\r\n            <\/div>      -->  \r\n\r\n               \r\n              \r\n      \r\n          \r\n    <\/div>             \r\n<\/div>\r\n\r\n  \r\n\r\n\r\n  \r\n\r\n\r\n\r\n<div class=\"col-md-4 shortcode-col listing_wrapper\" data-org=\"6\" data-listid=\"20694\" > \r\n    <div class=\"property_listing   \" data-link=\"https:\/\/spaniavilla.com\/en\/properties\/norsk-innflyttningsklare-nye-leiligheter-i-villamartin-orihuela-costa-med-3-soverom-og-2-bad\/\">\r\n        \r\n        <div class=\"listing-unit-img-wrapper\"><div class=\"property_media\">\r\n                    <div class=\"compare-action\" data-pimage=\"https:\/\/spaniavilla.com\/wp-content\/uploads\/2021\/04\/IMG_0783-143x83.jpeg\" data-pid=\"20694\" >compare<\/div>\r\n                   \r\n                <\/div><a href=\"https:\/\/spaniavilla.com\/en\/properties\/norsk-innflyttningsklare-nye-leiligheter-i-villamartin-orihuela-costa-med-3-soverom-og-2-bad\/\"><img loading=\"lazy\" decoding=\"async\" width=\"525\" height=\"350\" src=\"https:\/\/spaniavilla.com\/wp-content\/uploads\/2021\/04\/IMG_0783-525x350.jpeg\" class=\"lazyload img-responsive wp-post-image\" alt=\"\" data-original=\"https:\/\/spaniavilla.com\/wp-content\/uploads\/2021\/04\/IMG_0783-525x350.jpeg\" srcset=\"https:\/\/spaniavilla.com\/wp-content\/uploads\/2021\/04\/IMG_0783-525x350.jpeg 525w, https:\/\/spaniavilla.com\/wp-content\/uploads\/2021\/04\/IMG_0783-105x70.jpeg 105w\" sizes=\"auto, (max-width: 525px) 100vw, 525px\" \/><\/a><div class=\"tag-wrapper\"><div class=\"featured_div\">Featured<\/div><\/div><\/div>\r\n\r\n            <h4><a href=\"https:\/\/spaniavilla.com\/en\/properties\/norsk-innflyttningsklare-nye-leiligheter-i-villamartin-orihuela-costa-med-3-soverom-og-2-bad\/\">\r\n                (Norsk) Innflyttningsklare nye leiligheter i...                <\/a> \r\n            <\/h4> \r\n            \r\n         \r\n        \r\n            <div class=\"property_location_image\"><a href=\"https:\/\/spaniavilla.com\/en\/area\/la-zenia\/\" rel=\"tag\">La Zenia<\/a>, <a href=\"https:\/\/spaniavilla.com\/en\/area\/villamartin\/\" rel=\"tag\">Villamartin<\/a>, <a href=\"https:\/\/spaniavilla.com\/en\/place\/alicante\/\" rel=\"tag\">Alicante<\/a>, <a href=\"https:\/\/spaniavilla.com\/en\/place\/orihuela-costa-2\/\" rel=\"tag\">Orihuela Costa<\/a><\/div>        \r\n        \r\n            <div class=\"listing_unit_price_wrapper\"><span class=\"price_label price_label_before\"><\/span> \u20ac 189.900 <span class=\"price_label\"><\/span><\/div>        \r\n        \r\n         \r\n\r\n\r\n            <div class=\"property_listing_details\">\r\n                 <div class=\"inforoom\">3 <div class=\"info_labels\">bedrooms<\/div><\/div><div class=\"infobath\">2 <div class=\"info_labels\">baths<\/div><\/div> <div class=\"infosize\">98 m<sup>2<\/sup> <div class=\"info_labels\">size<\/div><\/div>            <\/div>\r\n               \r\n           <!-- <div class=\"property_location\">\r\n                    \r\n                                \r\n                \r\n                <div class=\"property_agent_wrapper\">\r\n                    <div class=\"property_agent_image\" style=\"background-image:url('https:\/\/spaniavilla.com\/wp-content\/uploads\/2021\/04\/IMG_0783-120x120.jpeg')\">\r\n                    <\/div> \r\n\r\n                    \r\n\r\n                    <div class=\"property_agent_name\">\r\n                        admin                    <\/div>\r\n\r\n                    <div class=\"property_agent_pub_date\"> April 26, 2021<\/div>\r\n                <\/div> \r\n                \r\n                                   <div class=\"listing_actions\">\r\n                        <span class=\"icon-fav icon-fav-off\" data-original-title=\"add to favorites\" data-postid=\"20694\"><\/span>\r\n                    <\/div> \r\n                 \r\n\r\n            <\/div>      -->  \r\n\r\n               \r\n              \r\n      \r\n          \r\n    <\/div>             \r\n<\/div>\r\n\r\n  \r\n\r\n\r\n  \r\n\r\n\r\n\r\n<div class=\"col-md-4 shortcode-col listing_wrapper\" data-org=\"6\" data-listid=\"21806\" > \r\n    <div class=\"property_listing   \" data-link=\"https:\/\/spaniavilla.com\/en\/properties\/norsk-vakker-leilighet-i-la-mata-torrevieja\/\">\r\n        \r\n        <div class=\"listing-unit-img-wrapper\"><div class=\"property_media\">\r\n                    <div class=\"compare-action\" data-pimage=\"https:\/\/spaniavilla.com\/wp-content\/uploads\/2026\/03\/20251008-DJI_0383-143x83.jpg\" data-pid=\"21806\" >compare<\/div>\r\n                   \r\n                <\/div><a href=\"https:\/\/spaniavilla.com\/en\/properties\/norsk-vakker-leilighet-i-la-mata-torrevieja\/\"><img loading=\"lazy\" decoding=\"async\" width=\"525\" height=\"350\" src=\"https:\/\/spaniavilla.com\/wp-content\/uploads\/2026\/03\/20251008-DJI_0383-525x350.jpg\" class=\"lazyload img-responsive wp-post-image\" alt=\"\" data-original=\"https:\/\/spaniavilla.com\/wp-content\/uploads\/2026\/03\/20251008-DJI_0383-525x350.jpg\" srcset=\"https:\/\/spaniavilla.com\/wp-content\/uploads\/2026\/03\/20251008-DJI_0383-525x350.jpg 525w, https:\/\/spaniavilla.com\/wp-content\/uploads\/2026\/03\/20251008-DJI_0383-105x70.jpg 105w\" sizes=\"auto, (max-width: 525px) 100vw, 525px\" \/><\/a><div class=\"tag-wrapper\"><\/div><\/div>\r\n\r\n            <h4><a href=\"https:\/\/spaniavilla.com\/en\/properties\/norsk-vakker-leilighet-i-la-mata-torrevieja\/\">\r\n                (Norsk) Vakker leilighet i La Mata, Torrevie...                <\/a> \r\n            <\/h4> \r\n            \r\n         \r\n        \r\n            <div class=\"property_location_image\"><a href=\"https:\/\/spaniavilla.com\/en\/area\/la-mata\/\" rel=\"tag\">La Mata<\/a>, <a href=\"https:\/\/spaniavilla.com\/en\/place\/alicante\/\" rel=\"tag\">Alicante<\/a>, <a href=\"https:\/\/spaniavilla.com\/en\/place\/torrevieja\/\" rel=\"tag\">Torrevieja<\/a><\/div>        \r\n        \r\n            <div class=\"listing_unit_price_wrapper\"><span class=\"price_label price_label_before\"><\/span> \u20ac 235.000 <span class=\"price_label\"><\/span><\/div>        \r\n        \r\n         \r\n\r\n\r\n            <div class=\"property_listing_details\">\r\n                 <div class=\"inforoom\">2 <div class=\"info_labels\">bedrooms<\/div><\/div><div class=\"infobath\">1 <div class=\"info_labels\">baths<\/div><\/div> <div class=\"infosize\">65 m<sup>2<\/sup> <div class=\"info_labels\">size<\/div><\/div>            <\/div>\r\n               \r\n           <!-- <div class=\"property_location\">\r\n                    \r\n                                \r\n                \r\n                <div class=\"property_agent_wrapper\">\r\n                    <div class=\"property_agent_image\" style=\"background-image:url('https:\/\/spaniavilla.com\/wp-content\/uploads\/2026\/03\/20251008-DJI_0383-120x120.jpg')\">\r\n                    <\/div> \r\n\r\n                    \r\n\r\n                    <div class=\"property_agent_name\">\r\n                        admin                    <\/div>\r\n\r\n                    <div class=\"property_agent_pub_date\"> March 9, 2026<\/div>\r\n                <\/div> \r\n                \r\n                                   <div class=\"listing_actions\">\r\n                        <span class=\"icon-fav icon-fav-off\" data-original-title=\"add to favorites\" data-postid=\"21806\"><\/span>\r\n                    <\/div> \r\n                 \r\n\r\n            <\/div>      -->  \r\n\r\n               \r\n              \r\n      \r\n          \r\n    <\/div>             \r\n<\/div>\r\n\r\n  \r\n\r\n\r\n  \r\n\r\n\r\n\r\n<div class=\"col-md-4 shortcode-col listing_wrapper\" data-org=\"6\" data-listid=\"21769\" > \r\n    <div class=\"property_listing   \" data-link=\"https:\/\/spaniavilla.com\/en\/properties\/norsk-toppleilighet-i-la-zenia-costa-blanca\/\">\r\n        \r\n        <div class=\"listing-unit-img-wrapper\"><div class=\"property_media\">\r\n                    <div class=\"compare-action\" data-pimage=\"https:\/\/spaniavilla.com\/wp-content\/uploads\/2026\/03\/1-1-143x83.jpg\" data-pid=\"21769\" >compare<\/div>\r\n                   \r\n                <\/div><a href=\"https:\/\/spaniavilla.com\/en\/properties\/norsk-toppleilighet-i-la-zenia-costa-blanca\/\"><img loading=\"lazy\" decoding=\"async\" width=\"525\" height=\"350\" src=\"https:\/\/spaniavilla.com\/wp-content\/uploads\/2026\/03\/1-1-525x350.jpg\" class=\"lazyload img-responsive wp-post-image\" alt=\"\" data-original=\"https:\/\/spaniavilla.com\/wp-content\/uploads\/2026\/03\/1-1-525x350.jpg\" srcset=\"https:\/\/spaniavilla.com\/wp-content\/uploads\/2026\/03\/1-1-525x350.jpg 525w, https:\/\/spaniavilla.com\/wp-content\/uploads\/2026\/03\/1-1-300x200.jpg 300w, https:\/\/spaniavilla.com\/wp-content\/uploads\/2026\/03\/1-1-1024x683.jpg 1024w, https:\/\/spaniavilla.com\/wp-content\/uploads\/2026\/03\/1-1-768x512.jpg 768w, https:\/\/spaniavilla.com\/wp-content\/uploads\/2026\/03\/1-1-125x83.jpg 125w, https:\/\/spaniavilla.com\/wp-content\/uploads\/2026\/03\/1-1-75x50.jpg 75w, https:\/\/spaniavilla.com\/wp-content\/uploads\/2026\/03\/1-1-1536x1024.jpg 1536w, https:\/\/spaniavilla.com\/wp-content\/uploads\/2026\/03\/1-1-105x70.jpg 105w, https:\/\/spaniavilla.com\/wp-content\/uploads\/2026\/03\/1-1.jpg 1920w\" sizes=\"auto, (max-width: 525px) 100vw, 525px\" \/><\/a><div class=\"tag-wrapper\"><\/div><\/div>\r\n\r\n            <h4><a href=\"https:\/\/spaniavilla.com\/en\/properties\/norsk-toppleilighet-i-la-zenia-costa-blanca\/\">\r\n                (Norsk) Topp\u00adleilighet i La Zenia, Costa Bla...                <\/a> \r\n            <\/h4> \r\n            \r\n         \r\n        \r\n            <div class=\"property_location_image\"><a href=\"https:\/\/spaniavilla.com\/en\/area\/la-zenia\/\" rel=\"tag\">La Zenia<\/a>, <a href=\"https:\/\/spaniavilla.com\/en\/place\/alicante\/\" rel=\"tag\">Alicante<\/a>, <a href=\"https:\/\/spaniavilla.com\/en\/place\/orihuela-costa-2\/\" rel=\"tag\">Orihuela Costa<\/a><\/div>        \r\n        \r\n            <div class=\"listing_unit_price_wrapper\"><span class=\"price_label price_label_before\"><\/span> \u20ac 349.000 <span class=\"price_label\"><\/span><\/div>        \r\n        \r\n         \r\n\r\n\r\n            <div class=\"property_listing_details\">\r\n                 <div class=\"inforoom\">2 <div class=\"info_labels\">bedrooms<\/div><\/div><div class=\"infobath\">2 <div class=\"info_labels\">baths<\/div><\/div> <div class=\"infosize\">85 m<sup>2<\/sup> <div class=\"info_labels\">size<\/div><\/div>            <\/div>\r\n               \r\n           <!-- <div class=\"property_location\">\r\n                    \r\n                                \r\n                \r\n                <div class=\"property_agent_wrapper\">\r\n                    <div class=\"property_agent_image\" style=\"background-image:url('https:\/\/spaniavilla.com\/wp-content\/uploads\/2026\/03\/1-1-120x120.jpg')\">\r\n                    <\/div> \r\n\r\n                    \r\n\r\n                    <div class=\"property_agent_name\">\r\n                        admin                    <\/div>\r\n\r\n                    <div class=\"property_agent_pub_date\"> March 9, 2026<\/div>\r\n                <\/div> \r\n                \r\n                                   <div class=\"listing_actions\">\r\n                        <span class=\"icon-fav icon-fav-off\" data-original-title=\"add to favorites\" data-postid=\"21769\"><\/span>\r\n                    <\/div> \r\n                 \r\n\r\n            <\/div>      -->  \r\n\r\n               \r\n              \r\n      \r\n          \r\n    <\/div>             \r\n<\/div>\r\n\r\n  \r\n\r\n\r\n  \r\n\r\n\r\n\r\n<div class=\"col-md-4 shortcode-col listing_wrapper\" data-org=\"6\" data-listid=\"21733\" > \r\n    <div class=\"property_listing   \" data-link=\"https:\/\/spaniavilla.com\/en\/properties\/21733\/\">\r\n        \r\n        <div class=\"listing-unit-img-wrapper\"><div class=\"property_media\">\r\n                    <div class=\"compare-action\" data-pimage=\"https:\/\/spaniavilla.com\/wp-content\/uploads\/2026\/03\/1-143x83.jpg\" data-pid=\"21733\" >compare<\/div>\r\n                   \r\n                <\/div><a href=\"https:\/\/spaniavilla.com\/en\/properties\/21733\/\"><img loading=\"lazy\" decoding=\"async\" width=\"525\" height=\"350\" src=\"https:\/\/spaniavilla.com\/wp-content\/uploads\/2026\/03\/1-525x350.jpg\" class=\"lazyload img-responsive wp-post-image\" alt=\"\" data-original=\"https:\/\/spaniavilla.com\/wp-content\/uploads\/2026\/03\/1-525x350.jpg\" srcset=\"https:\/\/spaniavilla.com\/wp-content\/uploads\/2026\/03\/1-525x350.jpg 525w, https:\/\/spaniavilla.com\/wp-content\/uploads\/2026\/03\/1-105x70.jpg 105w\" sizes=\"auto, (max-width: 525px) 100vw, 525px\" \/><\/a><div class=\"tag-wrapper\"><\/div><\/div>\r\n\r\n            <h4><a href=\"https:\/\/spaniavilla.com\/en\/properties\/21733\/\">\r\n                (Norsk) Den Ideelle Villaen i Lomas de Cabo ...                <\/a> \r\n            <\/h4> \r\n            \r\n         \r\n        \r\n            <div class=\"property_location_image\"><a href=\"https:\/\/spaniavilla.com\/en\/area\/lomas-de-caboroig\/\" rel=\"tag\">Lomas de Caboroig<\/a>, <a href=\"https:\/\/spaniavilla.com\/en\/place\/orihuela-costa-2\/\" rel=\"tag\">Orihuela Costa<\/a><\/div>        \r\n        \r\n            <div class=\"listing_unit_price_wrapper\"><span class=\"price_label price_label_before\">625000<\/span> \u20ac 549.000 <span class=\"price_label\"><\/span><\/div>        \r\n        \r\n         \r\n\r\n\r\n            <div class=\"property_listing_details\">\r\n                 <div class=\"inforoom\">3 <div class=\"info_labels\">bedrooms<\/div><\/div><div class=\"infobath\">3 <div class=\"info_labels\">baths<\/div><\/div> <div class=\"infosize\">239 m<sup>2<\/sup> <div class=\"info_labels\">size<\/div><\/div>            <\/div>\r\n               \r\n           <!-- <div class=\"property_location\">\r\n                    \r\n                                \r\n                \r\n                <div class=\"property_agent_wrapper\">\r\n                    <div class=\"property_agent_image\" style=\"background-image:url('https:\/\/spaniavilla.com\/wp-content\/uploads\/2026\/03\/1-120x120.jpg')\">\r\n                    <\/div> \r\n\r\n                    \r\n\r\n                    <div class=\"property_agent_name\">\r\n                        admin                    <\/div>\r\n\r\n                    <div class=\"property_agent_pub_date\"> March 2, 2026<\/div>\r\n                <\/div> \r\n                \r\n                                   <div class=\"listing_actions\">\r\n                        <span class=\"icon-fav icon-fav-off\" data-original-title=\"add to favorites\" data-postid=\"21733\"><\/span>\r\n                    <\/div> \r\n                 \r\n\r\n            <\/div>      -->  \r\n\r\n               \r\n              \r\n      \r\n          \r\n    <\/div>             \r\n<\/div>\r\n\r\n  \r\n\r\n\r\n  \r\n\r\n\r\n\r\n<div class=\"col-md-4 shortcode-col listing_wrapper\" data-org=\"6\" data-listid=\"21457\" > \r\n    <div class=\"property_listing   \" data-link=\"https:\/\/spaniavilla.com\/en\/properties\/norsk-nye-moderne-leiligheter-med-2-og-3-soverom-og-nydelig-fellesomrade\/\">\r\n        \r\n        <div class=\"listing-unit-img-wrapper\"><div class=\"property_media\">\r\n                    <div class=\"compare-action\" data-pimage=\"https:\/\/spaniavilla.com\/wp-content\/uploads\/2023\/01\/Skjermbilde-2023-01-18-kl.-11.28.50-143x83.jpg\" data-pid=\"21457\" >compare<\/div>\r\n                   \r\n                <\/div><a href=\"https:\/\/spaniavilla.com\/en\/properties\/norsk-nye-moderne-leiligheter-med-2-og-3-soverom-og-nydelig-fellesomrade\/\"><img loading=\"lazy\" decoding=\"async\" width=\"525\" height=\"350\" src=\"https:\/\/spaniavilla.com\/wp-content\/uploads\/2023\/01\/Skjermbilde-2023-01-18-kl.-11.28.50-525x350.jpg\" class=\"lazyload img-responsive wp-post-image\" alt=\"\" data-original=\"https:\/\/spaniavilla.com\/wp-content\/uploads\/2023\/01\/Skjermbilde-2023-01-18-kl.-11.28.50-525x350.jpg\" srcset=\"https:\/\/spaniavilla.com\/wp-content\/uploads\/2023\/01\/Skjermbilde-2023-01-18-kl.-11.28.50-525x350.jpg 525w, https:\/\/spaniavilla.com\/wp-content\/uploads\/2023\/01\/Skjermbilde-2023-01-18-kl.-11.28.50-105x70.jpg 105w\" sizes=\"auto, (max-width: 525px) 100vw, 525px\" \/><\/a><div class=\"tag-wrapper\"><\/div><\/div>\r\n\r\n            <h4><a href=\"https:\/\/spaniavilla.com\/en\/properties\/norsk-nye-moderne-leiligheter-med-2-og-3-soverom-og-nydelig-fellesomrade\/\">\r\n                (Norsk) Nye moderne leiligheter med  2 og 3 ...                <\/a> \r\n            <\/h4> \r\n            \r\n         \r\n        \r\n            <div class=\"property_location_image\"><a href=\"https:\/\/spaniavilla.com\/en\/place\/alicante\/\" rel=\"tag\">Alicante<\/a>, <a href=\"https:\/\/spaniavilla.com\/en\/place\/pilar-de-la-horadada\/\" rel=\"tag\">Pilar de la Horadada<\/a><\/div>        \r\n        \r\n            <div class=\"listing_unit_price_wrapper\"><span class=\"price_label price_label_before\"><\/span> \u20ac 211.900 <span class=\"price_label\"><\/span><\/div>        \r\n        \r\n         \r\n\r\n\r\n            <div class=\"property_listing_details\">\r\n                 <div class=\"inforoom\">2 <div class=\"info_labels\">bedrooms<\/div><\/div><div class=\"infobath\">2 <div class=\"info_labels\">baths<\/div><\/div>            <\/div>\r\n               \r\n           <!-- <div class=\"property_location\">\r\n                    \r\n                                \r\n                \r\n                <div class=\"property_agent_wrapper\">\r\n                    <div class=\"property_agent_image\" style=\"background-image:url('https:\/\/spaniavilla.com\/wp-content\/uploads\/2023\/01\/Skjermbilde-2023-01-18-kl.-11.28.50-120x120.jpg')\">\r\n                    <\/div> \r\n\r\n                    \r\n\r\n                    <div class=\"property_agent_name\">\r\n                        admin                    <\/div>\r\n\r\n                    <div class=\"property_agent_pub_date\"> January 18, 2023<\/div>\r\n                <\/div> \r\n                \r\n                                   <div class=\"listing_actions\">\r\n                        <span class=\"icon-fav icon-fav-off\" data-original-title=\"add to favorites\" data-postid=\"21457\"><\/span>\r\n                    <\/div> \r\n                 \r\n\r\n            <\/div>      -->  \r\n\r\n               \r\n              \r\n      \r\n          \r\n    <\/div>             \r\n<\/div>\r\n\r\n  \r\n\r\n\r\n  \r\n\r\n\r\n\r\n<div class=\"col-md-4 shortcode-col listing_wrapper\" data-org=\"6\" data-listid=\"21442\" > \r\n    <div class=\"property_listing   \" data-link=\"https:\/\/spaniavilla.com\/en\/properties\/21442\/\">\r\n        \r\n        <div class=\"listing-unit-img-wrapper\"><div class=\"property_media\">\r\n                    <div class=\"compare-action\" data-pimage=\"https:\/\/spaniavilla.com\/wp-content\/uploads\/2023\/01\/1DB7130D-B286-43C4-949D-112915870031_1_105_c-143x83.jpeg\" data-pid=\"21442\" >compare<\/div>\r\n                   \r\n                <\/div><a href=\"https:\/\/spaniavilla.com\/en\/properties\/21442\/\"><img loading=\"lazy\" decoding=\"async\" width=\"525\" height=\"350\" src=\"https:\/\/spaniavilla.com\/wp-content\/uploads\/2023\/01\/1DB7130D-B286-43C4-949D-112915870031_1_105_c-525x350.jpeg\" class=\"lazyload img-responsive wp-post-image\" alt=\"\" data-original=\"https:\/\/spaniavilla.com\/wp-content\/uploads\/2023\/01\/1DB7130D-B286-43C4-949D-112915870031_1_105_c-525x350.jpeg\" srcset=\"https:\/\/spaniavilla.com\/wp-content\/uploads\/2023\/01\/1DB7130D-B286-43C4-949D-112915870031_1_105_c-525x350.jpeg 525w, https:\/\/spaniavilla.com\/wp-content\/uploads\/2023\/01\/1DB7130D-B286-43C4-949D-112915870031_1_105_c-105x70.jpeg 105w\" sizes=\"auto, (max-width: 525px) 100vw, 525px\" \/><\/a><div class=\"tag-wrapper\"><\/div><\/div>\r\n\r\n            <h4><a href=\"https:\/\/spaniavilla.com\/en\/properties\/21442\/\">\r\n                (Norsk) Rekkehus, bakkeplan med terrasse, ha...                <\/a> \r\n            <\/h4> \r\n            \r\n         \r\n        \r\n            <div class=\"property_location_image\"><a href=\"https:\/\/spaniavilla.com\/en\/place\/alicante\/\" rel=\"tag\">Alicante<\/a>, <a href=\"https:\/\/spaniavilla.com\/en\/place\/san-miguel\/\" rel=\"tag\">San Miguel<\/a><\/div>        \r\n        \r\n            <div class=\"listing_unit_price_wrapper\"><span class=\"price_label price_label_before\"><\/span> \u20ac 139.900 <span class=\"price_label\"><\/span><\/div>        \r\n        \r\n         \r\n\r\n\r\n            <div class=\"property_listing_details\">\r\n                <div class=\"infobath\">2 <div class=\"info_labels\">baths<\/div><\/div>            <\/div>\r\n               \r\n           <!-- <div class=\"property_location\">\r\n                    \r\n                                \r\n                \r\n                <div class=\"property_agent_wrapper\">\r\n                    <div class=\"property_agent_image\" style=\"background-image:url('https:\/\/spaniavilla.com\/wp-content\/uploads\/2023\/01\/1DB7130D-B286-43C4-949D-112915870031_1_105_c-120x120.jpeg')\">\r\n                    <\/div> \r\n\r\n                    \r\n\r\n                    <div class=\"property_agent_name\">\r\n                        admin                    <\/div>\r\n\r\n                    <div class=\"property_agent_pub_date\"> January 17, 2023<\/div>\r\n                <\/div> \r\n                \r\n                                   <div class=\"listing_actions\">\r\n                        <span class=\"icon-fav icon-fav-off\" data-original-title=\"add to favorites\" data-postid=\"21442\"><\/span>\r\n                    <\/div> \r\n                 \r\n\r\n            <\/div>      -->  \r\n\r\n               \r\n              \r\n      \r\n          \r\n    <\/div>             \r\n<\/div>\r\n\r\n  \r\n\r\n\r\n  \r\n\r\n\r\n\r\n<div class=\"col-md-4 shortcode-col listing_wrapper\" data-org=\"6\" data-listid=\"21428\" > \r\n    <div class=\"property_listing   \" data-link=\"https:\/\/spaniavilla.com\/en\/properties\/norsk-paradice-resort-i-san-miguel-2-3-soveroms-leiligheter-med-flotte-terrasser-garasje-heis-og-bod\/\">\r\n        \r\n        <div class=\"listing-unit-img-wrapper\"><div class=\"property_media\">\r\n                    <div class=\"compare-action\" data-pimage=\"https:\/\/spaniavilla.com\/wp-content\/uploads\/2023\/01\/F036C287-2F26-4A19-B1E8-82BAE045FEDB_1_105_c-143x83.jpeg\" data-pid=\"21428\" >compare<\/div>\r\n                   \r\n                <\/div><a href=\"https:\/\/spaniavilla.com\/en\/properties\/norsk-paradice-resort-i-san-miguel-2-3-soveroms-leiligheter-med-flotte-terrasser-garasje-heis-og-bod\/\"><img loading=\"lazy\" decoding=\"async\" width=\"525\" height=\"350\" src=\"https:\/\/spaniavilla.com\/wp-content\/uploads\/2023\/01\/F036C287-2F26-4A19-B1E8-82BAE045FEDB_1_105_c-525x350.jpeg\" class=\"lazyload img-responsive wp-post-image\" alt=\"\" data-original=\"https:\/\/spaniavilla.com\/wp-content\/uploads\/2023\/01\/F036C287-2F26-4A19-B1E8-82BAE045FEDB_1_105_c-525x350.jpeg\" srcset=\"https:\/\/spaniavilla.com\/wp-content\/uploads\/2023\/01\/F036C287-2F26-4A19-B1E8-82BAE045FEDB_1_105_c-525x350.jpeg 525w, https:\/\/spaniavilla.com\/wp-content\/uploads\/2023\/01\/F036C287-2F26-4A19-B1E8-82BAE045FEDB_1_105_c-105x70.jpeg 105w\" sizes=\"auto, (max-width: 525px) 100vw, 525px\" \/><\/a><div class=\"tag-wrapper\"><\/div><\/div>\r\n\r\n            <h4><a href=\"https:\/\/spaniavilla.com\/en\/properties\/norsk-paradice-resort-i-san-miguel-2-3-soveroms-leiligheter-med-flotte-terrasser-garasje-heis-og-bod\/\">\r\n                (Norsk) Paradice Resort i San Miguel 2 &#821...                <\/a> \r\n            <\/h4> \r\n            \r\n         \r\n        \r\n            <div class=\"property_location_image\"><a href=\"https:\/\/spaniavilla.com\/en\/place\/alicante\/\" rel=\"tag\">Alicante<\/a>, <a href=\"https:\/\/spaniavilla.com\/en\/place\/san-miguel\/\" rel=\"tag\">San Miguel<\/a><\/div>        \r\n        \r\n            <div class=\"listing_unit_price_wrapper\"><span class=\"price_label price_label_before\"><\/span> \u20ac 149.900 <span class=\"price_label\"><\/span><\/div>        \r\n        \r\n         \r\n\r\n\r\n            <div class=\"property_listing_details\">\r\n                 <div class=\"inforoom\">2 <div class=\"info_labels\">bedrooms<\/div><\/div><div class=\"infobath\">2 <div class=\"info_labels\">baths<\/div><\/div>            <\/div>\r\n               \r\n           <!-- <div class=\"property_location\">\r\n                    \r\n                                \r\n                \r\n                <div class=\"property_agent_wrapper\">\r\n                    <div class=\"property_agent_image\" style=\"background-image:url('https:\/\/spaniavilla.com\/wp-content\/uploads\/2023\/01\/F036C287-2F26-4A19-B1E8-82BAE045FEDB_1_105_c-120x120.jpeg')\">\r\n                    <\/div> \r\n\r\n                    \r\n\r\n                    <div class=\"property_agent_name\">\r\n                        admin                    <\/div>\r\n\r\n                    <div class=\"property_agent_pub_date\"> January 17, 2023<\/div>\r\n                <\/div> \r\n                \r\n                                   <div class=\"listing_actions\">\r\n                        <span class=\"icon-fav icon-fav-off\" data-original-title=\"add to favorites\" data-postid=\"21428\"><\/span>\r\n                    <\/div> \r\n                 \r\n\r\n            <\/div>      -->  \r\n\r\n               \r\n              \r\n      \r\n          \r\n    <\/div>             \r\n<\/div>\r\n\r\n  \r\n\r\n\r\n<\/div>[\/vc_column][\/vc_row]<\/p>\n<\/div>","protected":false},"excerpt":{"rendered":"<p>[vc_row css=&#8221;.vc_custom_1500544356388{padding-top: 60px !important;padding-bottom: 30px !important;}&#8221;][vc_column width=&#8221;1\/2&#8243;][vc_row_inner][vc_column_inner][vc_column_text] Welcome [\/vc_column_text][\/vc_column_inner][\/vc_row_inner][vc_column_text]After 18 years in as Agent here in the Costa Blanca south, I am well known in all areas, and therefore are able to find your dream home in the sun. Have an appointment with almost all the builders between Alicante south and Cartagena north. Have a complete overview of which builders can give a bank &#8230;<\/p>\n","protected":false},"author":1,"featured_media":0,"parent":0,"menu_order":0,"comment_status":"closed","ping_status":"closed","template":"","meta":{"footnotes":""},"class_list":["post-17708","page","type-page","status-publish","hentry"],"_links":{"self":[{"href":"https:\/\/spaniavilla.com\/en\/wp-json\/wp\/v2\/pages\/17708","targetHints":{"allow":["GET"]}}],"collection":[{"href":"https:\/\/spaniavilla.com\/en\/wp-json\/wp\/v2\/pages"}],"about":[{"href":"https:\/\/spaniavilla.com\/en\/wp-json\/wp\/v2\/types\/page"}],"author":[{"embeddable":true,"href":"https:\/\/spaniavilla.com\/en\/wp-json\/wp\/v2\/users\/1"}],"replies":[{"embeddable":true,"href":"https:\/\/spaniavilla.com\/en\/wp-json\/wp\/v2\/comments?post=17708"}],"version-history":[{"count":30,"href":"https:\/\/spaniavilla.com\/en\/wp-json\/wp\/v2\/pages\/17708\/revisions"}],"predecessor-version":[{"id":21685,"href":"https:\/\/spaniavilla.com\/en\/wp-json\/wp\/v2\/pages\/17708\/revisions\/21685"}],"wp:attachment":[{"href":"https:\/\/spaniavilla.com\/en\/wp-json\/wp\/v2\/media?parent=17708"}],"curies":[{"name":"wp","href":"https:\/\/api.w.org\/{rel}","templated":true}]}}